
























{"id":48778,"date":"2025-03-01T14:41:08","date_gmt":"2025-03-01T13:41:08","guid":{"rendered":"https:\/\/women4biodiversity.org\/promouvoir-les-droits-des-femmes-legalite-des-sexes-et-lavenir-de-la-biodiversite-dans-le-cadre-mondial-pour-la-biodiversite-apres-2020\/"},"modified":"2025-03-03T07:14:57","modified_gmt":"2025-03-03T06:14:57","slug":"promouvoir-les-droits-des-femmes-legalite-des-sexes-et-lavenir-de-la-biodiversite-dans-le-cadre-mondial-pour-la-biodiversite-apres-2020","status":"publish","type":"page","link":"https:\/\/women4biodiversity.org\/fr\/promouvoir-les-droits-des-femmes-legalite-des-sexes-et-lavenir-de-la-biodiversite-dans-le-cadre-mondial-pour-la-biodiversite-apres-2020\/","title":{"rendered":"Promouvoir les droits des femmes, l&rsquo;\u00e9galit\u00e9 des sexes et l&rsquo;avenir de la biodiversit\u00e9 dans le cadre mondial pour la biodiversit\u00e9 apr\u00e8s 2020"},"content":{"rendered":"[vc_row type=\u00a0\u00bbin_container\u00a0\u00bb full_screen_row_position=\u00a0\u00bbmiddle\u00a0\u00bb column_margin=\u00a0\u00bbdefault\u00a0\u00bb column_direction=\u00a0\u00bbdefault\u00a0\u00bb column_direction_tablet=\u00a0\u00bbdefault\u00a0\u00bb column_direction_phone=\u00a0\u00bbdefault\u00a0\u00bb scene_position=\u00a0\u00bbcenter\u00a0\u00bb text_color=\u00a0\u00bbdark\u00a0\u00bb text_align=\u00a0\u00bbleft\u00a0\u00bb row_border_radius=\u00a0\u00bbnone\u00a0\u00bb row_border_radius_applies=\u00a0\u00bbbg\u00a0\u00bb overflow=\u00a0\u00bbvisible\u00a0\u00bb overlay_strength=\u00a0\u00bb0.3&Prime; gradient_direction=\u00a0\u00bbleft_to_right\u00a0\u00bb shape_divider_position=\u00a0\u00bbbottom\u00a0\u00bb bg_image_animation=\u00a0\u00bbnone\u00a0\u00bb][vc_column column_padding=\u00a0\u00bbno-extra-padding\u00a0\u00bb column_padding_tablet=\u00a0\u00bbinherit\u00a0\u00bb column_padding_phone=\u00a0\u00bbinherit\u00a0\u00bb column_padding_position=\u00a0\u00bball\u00a0\u00bb column_element_direction_desktop=\u00a0\u00bbdefault\u00a0\u00bb column_element_spacing=\u00a0\u00bbdefault\u00a0\u00bb desktop_text_alignment=\u00a0\u00bbdefault\u00a0\u00bb tablet_text_alignment=\u00a0\u00bbdefault\u00a0\u00bb phone_text_alignment=\u00a0\u00bbdefault\u00a0\u00bb background_color_opacity=\u00a0\u00bb1&Prime; background_hover_color_opacity=\u00a0\u00bb1&Prime; column_backdrop_filter=\u00a0\u00bbnone\u00a0\u00bb column_shadow=\u00a0\u00bbnone\u00a0\u00bb column_border_radius=\u00a0\u00bbnone\u00a0\u00bb column_link_target=\u00a0\u00bb_self\u00a0\u00bb column_position=\u00a0\u00bbdefault\u00a0\u00bb gradient_direction=\u00a0\u00bbleft_to_right\u00a0\u00bb overlay_strength=\u00a0\u00bb0.3&Prime; width=\u00a0\u00bb1\/1&Prime; tablet_width_inherit=\u00a0\u00bbdefault\u00a0\u00bb animation_type=\u00a0\u00bbdefault\u00a0\u00bb bg_image_animation=\u00a0\u00bbnone\u00a0\u00bb border_type=\u00a0\u00bbsimple\u00a0\u00bb column_border_width=\u00a0\u00bbnone\u00a0\u00bb column_border_style=\u00a0\u00bbsolid\u00a0\u00bb][vc_column_text css=\u00a0\u00bb\u00a0\u00bb text_direction=\u00a0\u00bbdefault\u00a0\u00bb]\n<h3 style=\"text-align: center;\">Promouvoir les droits des femmes, l&rsquo;\u00e9galit\u00e9 des sexes et l&rsquo;avenir de la biodiversit\u00e9 dans le cadre mondial pour la biodiversit\u00e9 apr\u00e8s 2020<\/h3>\n<p style=\"text-align: center;\">Women4Biodiversity s&rsquo;est efforc\u00e9 de faire progresser les consid\u00e9rations de genre dans les travaux de la Convention des Nations unies sur la diversit\u00e9 biologique, notamment en convoquant le Caucus des femmes de la CDB pour partager, recueillir, contribuer et s&rsquo;engager dans diverses d\u00e9lib\u00e9rations dans le cadre de l&rsquo;\u00e9laboration du cadre mondial pour la biodiversit\u00e9 post-2020 (GBF) et du plan d&rsquo;action pour l&rsquo;\u00e9galit\u00e9 des sexes post-2020 (GPA). Nous avons formul\u00e9 une recommandation collective en faveur d&rsquo;un objectif autonome en mati\u00e8re de genre, l&rsquo;objectif 22, qui, \u00e0 l&rsquo;heure o\u00f9 nous \u00e9crivons ces lignes, b\u00e9n\u00e9ficie d&rsquo;un soutien de plus en plus important. <\/p>\n<p style=\"text-align: center;\">Ce rapport traite des liens entre le genre et l&rsquo;environnement, du r\u00f4le des femmes dans la conservation de la biodiversit\u00e9, de l&rsquo;utilisation durable, de l&rsquo;acc\u00e8s et du partage des b\u00e9n\u00e9fices, des cadres politiques internationaux en mati\u00e8re de genre et d&rsquo;environnement, des consid\u00e9rations de genre dans le GBF post-2020, et de la mise en \u0153uvre du GPA post-2020. Il pr\u00e9sente \u00e9galement la feuille de route de plaidoyer de Women4Biodiversity pour faire avancer les consid\u00e9rations de genre dans le GBF post-2020, y compris des recommandations r\u00e9fl\u00e9chies pour incorporer des collaborations avec des partenaires cl\u00e9s dans le renforcement du plaidoyer collectif. <\/p>\n<p style=\"text-align: center;\">Women4Biodiversity a \u00e9labor\u00e9 ce rapport avec le soutien financier de WWF International. Et, avec un soutien financier suppl\u00e9mentaire de l&rsquo;ASDI \u00e0 travers SwedBio, au Stockholm Resilience Centre, nous nous lan\u00e7ons maintenant dans une longue campagne de plaidoyer pour renforcer les voix des femmes sur le terrain et cr\u00e9er un espace pour que la diversit\u00e9 de ses membres puisse partager, co-cr\u00e9er et construire des actions collectives. Nous envisageons l&rsquo;int\u00e9gration d&rsquo;une approche bas\u00e9e sur les droits humains pour les droits des femmes, l&rsquo;\u00e9galit\u00e9 des sexes et l&rsquo;avenir de la biodiversit\u00e9 dans le GBF et le GPA.  <\/p>\n[\/vc_column_text][vc_column_text css=\u00a0\u00bb\u00a0\u00bb text_direction=\u00a0\u00bbdefault\u00a0\u00bb]<div class=\"_3d-flip-book  fb3d-fullscreen-mode full-size\" data-id=\"1912\" data-mode=\"fullscreen\" data-title=\"false\" data-template=\"short-white-book-view\" data-lightbox=\"dark-shadow\" data-urlparam=\"fb3d-page\" data-page-n=\"0\" data-pdf=\"\" data-tax=\"null\" data-thumbnail=\"\" data-cols=\"3\" data-book-template=\"default\" data-trigger=\"\"><\/div><script type=\"text\/javascript\">window.FB3D_CLIENT_DATA = window.FB3D_CLIENT_DATA || [];FB3D_CLIENT_DATA.push('eyJwb3N0cyI6eyIxOTEyIjp7IklEIjoxOTEyLCJ0aXRsZSI6IkFkdmFuY2luZyBXb21lbidzIFJpZ2h0cywgR2VuZGVyIEVxdWFsaXR5IGFuZCB0aGUgRnV0dXJlIG9mIEJpb2RpdmVyc2l0eSBpbiB0aGUgUG9zdC0yMDIwIEdsb2JhbCBCaW9kaXZlcnNpdHkgRnJhbWV3b3JrIiwidHlwZSI6InBkZiIsInJlYWR5X2Z1bmN0aW9uIjoiIiwiYm9va19zdHlsZSI6ImZsYXQiLCJib29rX3RlbXBsYXRlIjoibm9uZSIsIm91dGxpbmUiOltdLCJkYXRhIjp7InBvc3RfSUQiOiItMSIsImd1aWQiOiJodHRwczpcL1wvd29tZW40YmlvZGl2ZXJzaXR5Lm9yZ1wvd3AtY29udGVudFwvdXBsb2Fkc1wvMjAyMlwvMDVcL0FkdmFuY2luZ19Xb21lbi1FTkdMSVNIX1JlcG9ydC5wZGYiLCJwZGZfcGFnZXMiOiIwIiwicGFnZXNfY3VzdG9taXphdGlvbiI6Im5vbmUifSwidGh1bWJuYWlsIjp7ImRhdGEiOnsicG9zdF9JRCI6IjAifSwidHlwZSI6ImF1dG8ifSwicHJvcHMiOnsiaGVpZ2h0IjoiYXV0byIsIndpZHRoIjoiYXV0byIsImJhY2tncm91bmRDb2xvciI6ImF1dG8iLCJiYWNrZ3JvdW5kSW1hZ2UiOiJhdXRvIiwiYmFja2dyb3VuZFN0eWxlIjoiYXV0byIsImhpZ2hsaWdodExpbmtzIjoiYXV0byIsImxpZ2h0aW5nIjoiYXV0byIsInNpbmdsZVBhZ2VNb2RlIjoiYXV0byIsImdyYXZpdHkiOiJhdXRvIiwiY2FjaGVkUGFnZXMiOiJhdXRvIiwicmVuZGVySW5hY3RpdmVQYWdlcyI6ImF1dG8iLCJyZW5kZXJJbmFjdGl2ZVBhZ2VzT25Nb2JpbGUiOiJhdXRvIiwicmVuZGVyV2hpbGVGbGlwcGluZyI6ImF1dG8iLCJwYWdlc0ZvclByZWRpY3RpbmciOiJhdXRvIiwicHJlbG9hZFBhZ2VzIjoiYXV0byIsInJ0bCI6ImF1dG8iLCJpbnRlcmFjdGl2ZUNvcm5lcnMiOiJhdXRvIiwibWF4RGVwdGgiOiJhdXRvIiwiYXV0b1BsYXlEdXJhdGlvbiI6ImF1dG8iLCJzaGVldCI6eyJzdGFydFZlbG9jaXR5IjoiYXV0byIsImNvcm5lckRldmlhdGlvbiI6ImF1dG8iLCJmbGV4aWJpbGl0eSI6ImF1dG8iLCJmbGV4aWJsZUNvcm5lciI6ImF1dG8iLCJiZW5kaW5nIjoiYXV0byIsIndhdmUiOiJhdXRvIiwid2lkdGhUZXhlbHMiOiJhdXRvIiwiaGVpZ2h0VGV4ZWxzIjoiYXV0byIsImNvbG9yIjoiYXV0byIsInNpZGUiOiJhdXRvIiwic2hhcGUiOiJhdXRvIiwic3RyZXRjaEltYWdlcyI6ImF1dG8ifSwiY292ZXIiOnsic3RhcnRWZWxvY2l0eSI6ImF1dG8iLCJmbGV4aWJpbGl0eSI6ImF1dG8iLCJmbGV4aWJsZUNvcm5lciI6ImF1dG8iLCJiZW5kaW5nIjoiYXV0byIsIndhdmUiOiJhdXRvIiwid2lkdGhUZXhlbHMiOiJhdXRvIiwiaGVpZ2h0VGV4ZWxzIjoiYXV0byIsImNvbG9yIjoiYXV0byIsImRlcHRoIjoiYXV0byIsInBhZGRpbmciOiJhdXRvIiwiYmluZGVyVGV4dHVyZSI6ImF1dG8iLCJtYXNzIjoiYXV0byIsInNpZGUiOiJhdXRvIiwic2hhcGUiOiJhdXRvIiwic3RyZXRjaEltYWdlcyI6ImF1dG8ifSwicGFnZSI6eyJzdGFydFZlbG9jaXR5IjoiYXV0byIsImZsZXhpYmlsaXR5IjoiYXV0byIsImZsZXhpYmxlQ29ybmVyIjoiYXV0byIsImJlbmRpbmciOiJhdXRvIiwid2F2ZSI6ImF1dG8iLCJ3aWR0aFRleGVscyI6ImF1dG8iLCJoZWlnaHRUZXhlbHMiOiJhdXRvIiwiY29sb3IiOiJhdXRvIiwiZGVwdGgiOiJhdXRvIiwibWFzcyI6ImF1dG8iLCJzaWRlIjoiYXV0byIsInNoYXBlIjoiYXV0byIsInN0cmV0Y2hJbWFnZXMiOiJhdXRvIn19LCJjb250cm9sUHJvcHMiOnsiYWN0aW9ucyI6eyJjbWRUb2MiOnsiZW5hYmxlZCI6ImF1dG8iLCJlbmFibGVkSW5OYXJyb3ciOiJhdXRvIiwiYWN0aXZlIjoiYXV0byIsImRlZmF1bHRUYWIiOiJhdXRvIn0sImNtZEF1dG9QbGF5Ijp7ImVuYWJsZWQiOiJhdXRvIiwiZW5hYmxlZEluTmFycm93IjoiYXV0byIsImFjdGl2ZSI6ImF1dG8ifSwiY21kU2F2ZSI6eyJlbmFibGVkIjoiYXV0byIsImVuYWJsZWRJbk5hcnJvdyI6ImF1dG8ifSwiY21kUHJpbnQiOnsiZW5hYmxlZCI6ImF1dG8iLCJlbmFibGVkSW5OYXJyb3ciOiJhdXRvIn0sImNtZFNpbmdsZVBhZ2UiOnsiZW5hYmxlZCI6ImF1dG8iLCJlbmFibGVkSW5OYXJyb3ciOiJhdXRvIiwiYWN0aXZlIjoiYXV0byIsImFjdGl2ZUZvck1vYmlsZSI6ImF1dG8ifSwid2lkVG9vbGJhciI6eyJlbmFibGVkIjoiYXV0byIsImVuYWJsZWRJbk5hcnJvdyI6ImF1dG8ifX19LCJhdXRvVGh1bWJuYWlsIjpudWxsLCJwb3N0X25hbWUiOiJhZHZhbmNpbmctd29tZW5zLXJpZ2h0cy1nZW5kZXItZXF1YWxpdHktYW5kLXRoZS1mdXR1cmUtb2YtYmlvZGl2ZXJzaXR5LWluLXRoZS1wb3N0LTIwMjAtZ2xvYmFsLWJpb2RpdmVyc2l0eS1mcmFtZXdvcmsiLCJwb3N0X3R5cGUiOiIzZC1mbGlwLWJvb2sifX0sInBhZ2VzIjpbXSwiZmlyc3RQYWdlcyI6W119');window.FB3D_CLIENT_LOCALE && FB3D_CLIENT_LOCALE.render && FB3D_CLIENT_LOCALE.render();<\/script>[\/vc_column_text][\/vc_column][\/vc_row]\n","protected":false},"excerpt":{"rendered":"<p>[vc_row type=\u00a0\u00bbin_container\u00a0\u00bb full_screen_row_position=\u00a0\u00bbmiddle\u00a0\u00bb column_margin=\u00a0\u00bbdefault\u00a0\u00bb column_direction=\u00a0\u00bbdefault\u00a0\u00bb column_direction_tablet=\u00a0\u00bbdefault\u00a0\u00bb column_direction_phone=\u00a0\u00bbdefault\u00a0\u00bb scene_position=\u00a0\u00bbcenter\u00a0\u00bb text_color=\u00a0\u00bbdark\u00a0\u00bb text_align=\u00a0\u00bbleft\u00a0\u00bb row_border_radius=\u00a0\u00bbnone\u00a0\u00bb row_border_radius_applies=\u00a0\u00bbbg\u00a0\u00bb overflow=\u00a0\u00bbvisible\u00a0\u00bb overlay_strength=\u00a0\u00bb0.3&Prime; gradient_direction=\u00a0\u00bbleft_to_right\u00a0\u00bb shape_divider_position=\u00a0\u00bbbottom\u00a0\u00bb bg_image_animation=\u00a0\u00bbnone\u00a0\u00bb][vc_column column_padding=\u00a0\u00bbno-extra-padding\u00a0\u00bb column_padding_tablet=\u00a0\u00bbinherit\u00a0\u00bb column_padding_phone=\u00a0\u00bbinherit\u00a0\u00bb column_padding_position=\u00a0\u00bball\u00a0\u00bb column_element_direction_desktop=\u00a0\u00bbdefault\u00a0\u00bb column_element_spacing=\u00a0\u00bbdefault\u00a0\u00bb desktop_text_alignment=\u00a0\u00bbdefault\u00a0\u00bb tablet_text_alignment=\u00a0\u00bbdefault\u00a0\u00bb phone_text_alignment=\u00a0\u00bbdefault\u00a0\u00bb background_color_opacity=\u00a0\u00bb1&Prime; background_hover_color_opacity=\u00a0\u00bb1&Prime; column_backdrop_filter=\u00a0\u00bbnone\u00a0\u00bb column_shadow=\u00a0\u00bbnone\u00a0\u00bb&#8230;<\/p>\n","protected":false},"author":2,"featured_media":0,"parent":0,"menu_order":0,"comment_status":"closed","ping_status":"closed","template":"","meta":{"inline_featured_image":false,"ngg_post_thumbnail":0,"footnotes":""},"class_list":["post-48778","page","type-page","status-publish"],"yoast_head":"<!-- This site is optimized with the Yoast SEO plugin v25.4 - https:\/\/yoast.com\/wordpress\/plugins\/seo\/ -->\n<title>Promouvoir les droits des femmes, l&#039;\u00e9galit\u00e9 des sexes et l&#039;avenir de la biodiversit\u00e9 dans le cadre mondial pour la biodiversit\u00e9 apr\u00e8s 2020 - Women4Biodiversity<\/title>\n<meta name=\"robots\" content=\"index, follow, max-snippet:-1, max-image-preview:large, max-video-preview:-1\" \/>\n<link rel=\"canonical\" href=\"https:\/\/women4biodiversity.org\/fr\/promouvoir-les-droits-des-femmes-legalite-des-sexes-et-lavenir-de-la-biodiversite-dans-le-cadre-mondial-pour-la-biodiversite-apres-2020\/\" \/>\n<meta property=\"og:locale\" content=\"fr_FR\" \/>\n<meta property=\"og:type\" content=\"article\" \/>\n<meta property=\"og:title\" content=\"Promouvoir les droits des femmes, l&#039;\u00e9galit\u00e9 des sexes et l&#039;avenir de la biodiversit\u00e9 dans le cadre mondial pour la biodiversit\u00e9 apr\u00e8s 2020 - Women4Biodiversity\" \/>\n<meta property=\"og:description\" content=\"[vc_row type=\u00a0\u00bbin_container\u00a0\u00bb full_screen_row_position=\u00a0\u00bbmiddle\u00a0\u00bb column_margin=\u00a0\u00bbdefault\u00a0\u00bb column_direction=\u00a0\u00bbdefault\u00a0\u00bb column_direction_tablet=\u00a0\u00bbdefault\u00a0\u00bb column_direction_phone=\u00a0\u00bbdefault\u00a0\u00bb scene_position=\u00a0\u00bbcenter\u00a0\u00bb text_color=\u00a0\u00bbdark\u00a0\u00bb text_align=\u00a0\u00bbleft\u00a0\u00bb row_border_radius=\u00a0\u00bbnone\u00a0\u00bb row_border_radius_applies=\u00a0\u00bbbg\u00a0\u00bb overflow=\u00a0\u00bbvisible\u00a0\u00bb overlay_strength=\u00a0\u00bb0.3&Prime; gradient_direction=\u00a0\u00bbleft_to_right\u00a0\u00bb shape_divider_position=\u00a0\u00bbbottom\u00a0\u00bb bg_image_animation=\u00a0\u00bbnone\u00a0\u00bb][vc_column column_padding=\u00a0\u00bbno-extra-padding\u00a0\u00bb column_padding_tablet=\u00a0\u00bbinherit\u00a0\u00bb column_padding_phone=\u00a0\u00bbinherit\u00a0\u00bb column_padding_position=\u00a0\u00bball\u00a0\u00bb column_element_direction_desktop=\u00a0\u00bbdefault\u00a0\u00bb column_element_spacing=\u00a0\u00bbdefault\u00a0\u00bb desktop_text_alignment=\u00a0\u00bbdefault\u00a0\u00bb tablet_text_alignment=\u00a0\u00bbdefault\u00a0\u00bb phone_text_alignment=\u00a0\u00bbdefault\u00a0\u00bb background_color_opacity=\u00a0\u00bb1&Prime; background_hover_color_opacity=\u00a0\u00bb1&Prime; column_backdrop_filter=\u00a0\u00bbnone\u00a0\u00bb column_shadow=\u00a0\u00bbnone\u00a0\u00bb...\" \/>\n<meta property=\"og:url\" content=\"https:\/\/women4biodiversity.org\/fr\/promouvoir-les-droits-des-femmes-legalite-des-sexes-et-lavenir-de-la-biodiversite-dans-le-cadre-mondial-pour-la-biodiversite-apres-2020\/\" \/>\n<meta property=\"og:site_name\" content=\"Women4Biodiversity\" \/>\n<meta property=\"article:publisher\" content=\"https:\/\/www.facebook.com\/Women4Biodiversity\/\" \/>\n<meta property=\"article:modified_time\" content=\"2025-03-03T06:14:57+00:00\" \/>\n<meta name=\"twitter:card\" content=\"summary_large_image\" \/>\n<meta name=\"twitter:site\" content=\"@Women4Biodiv\" \/>\n<meta name=\"twitter:label1\" content=\"Dur\u00e9e de lecture estim\u00e9e\" \/>\n\t<meta name=\"twitter:data1\" content=\"3 minutes\" \/>\n<script type=\"application\/ld+json\" class=\"yoast-schema-graph\">{\"@context\":\"https:\/\/schema.org\",\"@graph\":[{\"@type\":\"WebPage\",\"@id\":\"https:\/\/women4biodiversity.org\/fr\/promouvoir-les-droits-des-femmes-legalite-des-sexes-et-lavenir-de-la-biodiversite-dans-le-cadre-mondial-pour-la-biodiversite-apres-2020\/\",\"url\":\"https:\/\/women4biodiversity.org\/fr\/promouvoir-les-droits-des-femmes-legalite-des-sexes-et-lavenir-de-la-biodiversite-dans-le-cadre-mondial-pour-la-biodiversite-apres-2020\/\",\"name\":\"Promouvoir les droits des femmes, l'\u00e9galit\u00e9 des sexes et l'avenir de la biodiversit\u00e9 dans le cadre mondial pour la biodiversit\u00e9 apr\u00e8s 2020 - Women4Biodiversity\",\"isPartOf\":{\"@id\":\"https:\/\/women4biodiversity.org\/fr\/#website\"},\"datePublished\":\"2025-03-01T13:41:08+00:00\",\"dateModified\":\"2025-03-03T06:14:57+00:00\",\"breadcrumb\":{\"@id\":\"https:\/\/women4biodiversity.org\/fr\/promouvoir-les-droits-des-femmes-legalite-des-sexes-et-lavenir-de-la-biodiversite-dans-le-cadre-mondial-pour-la-biodiversite-apres-2020\/#breadcrumb\"},\"inLanguage\":\"fr-FR\",\"potentialAction\":[{\"@type\":\"ReadAction\",\"target\":[\"https:\/\/women4biodiversity.org\/fr\/promouvoir-les-droits-des-femmes-legalite-des-sexes-et-lavenir-de-la-biodiversite-dans-le-cadre-mondial-pour-la-biodiversite-apres-2020\/\"]}]},{\"@type\":\"BreadcrumbList\",\"@id\":\"https:\/\/women4biodiversity.org\/fr\/promouvoir-les-droits-des-femmes-legalite-des-sexes-et-lavenir-de-la-biodiversite-dans-le-cadre-mondial-pour-la-biodiversite-apres-2020\/#breadcrumb\",\"itemListElement\":[{\"@type\":\"ListItem\",\"position\":1,\"name\":\"Home\",\"item\":\"https:\/\/women4biodiversity.org\/fr\/landing\/\"},{\"@type\":\"ListItem\",\"position\":2,\"name\":\"Promouvoir les droits des femmes, l&#8217;\u00e9galit\u00e9 des sexes et l&#8217;avenir de la biodiversit\u00e9 dans le cadre mondial pour la biodiversit\u00e9 apr\u00e8s 2020\"}]},{\"@type\":\"WebSite\",\"@id\":\"https:\/\/women4biodiversity.org\/fr\/#website\",\"url\":\"https:\/\/women4biodiversity.org\/fr\/\",\"name\":\"Women4Biodiversity\",\"description\":\"\",\"publisher\":{\"@id\":\"https:\/\/women4biodiversity.org\/fr\/#organization\"},\"potentialAction\":[{\"@type\":\"SearchAction\",\"target\":{\"@type\":\"EntryPoint\",\"urlTemplate\":\"https:\/\/women4biodiversity.org\/fr\/?s={search_term_string}\"},\"query-input\":{\"@type\":\"PropertyValueSpecification\",\"valueRequired\":true,\"valueName\":\"search_term_string\"}}],\"inLanguage\":\"fr-FR\"},{\"@type\":\"Organization\",\"@id\":\"https:\/\/women4biodiversity.org\/fr\/#organization\",\"name\":\"Women4Biodiversity\",\"url\":\"https:\/\/women4biodiversity.org\/fr\/\",\"logo\":{\"@type\":\"ImageObject\",\"inLanguage\":\"fr-FR\",\"@id\":\"https:\/\/women4biodiversity.org\/fr\/#\/schema\/logo\/image\/\",\"url\":\"https:\/\/women4biodiversity.org\/wp-content\/uploads\/2024\/08\/W4B_LongLogo_2024-Amended-OH.svg\",\"contentUrl\":\"https:\/\/women4biodiversity.org\/wp-content\/uploads\/2024\/08\/W4B_LongLogo_2024-Amended-OH.svg\",\"width\":\"1024\",\"height\":\"1024\",\"caption\":\"Women4Biodiversity\"},\"image\":{\"@id\":\"https:\/\/women4biodiversity.org\/fr\/#\/schema\/logo\/image\/\"},\"sameAs\":[\"https:\/\/www.facebook.com\/Women4Biodiversity\/\",\"https:\/\/x.com\/Women4Biodiv\",\"https:\/\/www.instagram.com\/women4biodiv\/\"]}]}<\/script>\n<!-- \/ Yoast SEO plugin. -->","yoast_head_json":{"title":"Promouvoir les droits des femmes, l'\u00e9galit\u00e9 des sexes et l'avenir de la biodiversit\u00e9 dans le cadre mondial pour la biodiversit\u00e9 apr\u00e8s 2020 - Women4Biodiversity","robots":{"index":"index","follow":"follow","max-snippet":"max-snippet:-1","max-image-preview":"max-image-preview:large","max-video-preview":"max-video-preview:-1"},"canonical":"https:\/\/women4biodiversity.org\/fr\/promouvoir-les-droits-des-femmes-legalite-des-sexes-et-lavenir-de-la-biodiversite-dans-le-cadre-mondial-pour-la-biodiversite-apres-2020\/","og_locale":"fr_FR","og_type":"article","og_title":"Promouvoir les droits des femmes, l'\u00e9galit\u00e9 des sexes et l'avenir de la biodiversit\u00e9 dans le cadre mondial pour la biodiversit\u00e9 apr\u00e8s 2020 - Women4Biodiversity","og_description":"[vc_row type=\u00a0\u00bbin_container\u00a0\u00bb full_screen_row_position=\u00a0\u00bbmiddle\u00a0\u00bb column_margin=\u00a0\u00bbdefault\u00a0\u00bb column_direction=\u00a0\u00bbdefault\u00a0\u00bb column_direction_tablet=\u00a0\u00bbdefault\u00a0\u00bb column_direction_phone=\u00a0\u00bbdefault\u00a0\u00bb scene_position=\u00a0\u00bbcenter\u00a0\u00bb text_color=\u00a0\u00bbdark\u00a0\u00bb text_align=\u00a0\u00bbleft\u00a0\u00bb row_border_radius=\u00a0\u00bbnone\u00a0\u00bb row_border_radius_applies=\u00a0\u00bbbg\u00a0\u00bb overflow=\u00a0\u00bbvisible\u00a0\u00bb overlay_strength=\u00a0\u00bb0.3&Prime; gradient_direction=\u00a0\u00bbleft_to_right\u00a0\u00bb shape_divider_position=\u00a0\u00bbbottom\u00a0\u00bb bg_image_animation=\u00a0\u00bbnone\u00a0\u00bb][vc_column column_padding=\u00a0\u00bbno-extra-padding\u00a0\u00bb column_padding_tablet=\u00a0\u00bbinherit\u00a0\u00bb column_padding_phone=\u00a0\u00bbinherit\u00a0\u00bb column_padding_position=\u00a0\u00bball\u00a0\u00bb column_element_direction_desktop=\u00a0\u00bbdefault\u00a0\u00bb column_element_spacing=\u00a0\u00bbdefault\u00a0\u00bb desktop_text_alignment=\u00a0\u00bbdefault\u00a0\u00bb tablet_text_alignment=\u00a0\u00bbdefault\u00a0\u00bb phone_text_alignment=\u00a0\u00bbdefault\u00a0\u00bb background_color_opacity=\u00a0\u00bb1&Prime; background_hover_color_opacity=\u00a0\u00bb1&Prime; column_backdrop_filter=\u00a0\u00bbnone\u00a0\u00bb column_shadow=\u00a0\u00bbnone\u00a0\u00bb...","og_url":"https:\/\/women4biodiversity.org\/fr\/promouvoir-les-droits-des-femmes-legalite-des-sexes-et-lavenir-de-la-biodiversite-dans-le-cadre-mondial-pour-la-biodiversite-apres-2020\/","og_site_name":"Women4Biodiversity","article_publisher":"https:\/\/www.facebook.com\/Women4Biodiversity\/","article_modified_time":"2025-03-03T06:14:57+00:00","twitter_card":"summary_large_image","twitter_site":"@Women4Biodiv","twitter_misc":{"Dur\u00e9e de lecture estim\u00e9e":"3 minutes"},"schema":{"@context":"https:\/\/schema.org","@graph":[{"@type":"WebPage","@id":"https:\/\/women4biodiversity.org\/fr\/promouvoir-les-droits-des-femmes-legalite-des-sexes-et-lavenir-de-la-biodiversite-dans-le-cadre-mondial-pour-la-biodiversite-apres-2020\/","url":"https:\/\/women4biodiversity.org\/fr\/promouvoir-les-droits-des-femmes-legalite-des-sexes-et-lavenir-de-la-biodiversite-dans-le-cadre-mondial-pour-la-biodiversite-apres-2020\/","name":"Promouvoir les droits des femmes, l'\u00e9galit\u00e9 des sexes et l'avenir de la biodiversit\u00e9 dans le cadre mondial pour la biodiversit\u00e9 apr\u00e8s 2020 - Women4Biodiversity","isPartOf":{"@id":"https:\/\/women4biodiversity.org\/fr\/#website"},"datePublished":"2025-03-01T13:41:08+00:00","dateModified":"2025-03-03T06:14:57+00:00","breadcrumb":{"@id":"https:\/\/women4biodiversity.org\/fr\/promouvoir-les-droits-des-femmes-legalite-des-sexes-et-lavenir-de-la-biodiversite-dans-le-cadre-mondial-pour-la-biodiversite-apres-2020\/#breadcrumb"},"inLanguage":"fr-FR","potentialAction":[{"@type":"ReadAction","target":["https:\/\/women4biodiversity.org\/fr\/promouvoir-les-droits-des-femmes-legalite-des-sexes-et-lavenir-de-la-biodiversite-dans-le-cadre-mondial-pour-la-biodiversite-apres-2020\/"]}]},{"@type":"BreadcrumbList","@id":"https:\/\/women4biodiversity.org\/fr\/promouvoir-les-droits-des-femmes-legalite-des-sexes-et-lavenir-de-la-biodiversite-dans-le-cadre-mondial-pour-la-biodiversite-apres-2020\/#breadcrumb","itemListElement":[{"@type":"ListItem","position":1,"name":"Home","item":"https:\/\/women4biodiversity.org\/fr\/landing\/"},{"@type":"ListItem","position":2,"name":"Promouvoir les droits des femmes, l&#8217;\u00e9galit\u00e9 des sexes et l&#8217;avenir de la biodiversit\u00e9 dans le cadre mondial pour la biodiversit\u00e9 apr\u00e8s 2020"}]},{"@type":"WebSite","@id":"https:\/\/women4biodiversity.org\/fr\/#website","url":"https:\/\/women4biodiversity.org\/fr\/","name":"Women4Biodiversity","description":"","publisher":{"@id":"https:\/\/women4biodiversity.org\/fr\/#organization"},"potentialAction":[{"@type":"SearchAction","target":{"@type":"EntryPoint","urlTemplate":"https:\/\/women4biodiversity.org\/fr\/?s={search_term_string}"},"query-input":{"@type":"PropertyValueSpecification","valueRequired":true,"valueName":"search_term_string"}}],"inLanguage":"fr-FR"},{"@type":"Organization","@id":"https:\/\/women4biodiversity.org\/fr\/#organization","name":"Women4Biodiversity","url":"https:\/\/women4biodiversity.org\/fr\/","logo":{"@type":"ImageObject","inLanguage":"fr-FR","@id":"https:\/\/women4biodiversity.org\/fr\/#\/schema\/logo\/image\/","url":"https:\/\/women4biodiversity.org\/wp-content\/uploads\/2024\/08\/W4B_LongLogo_2024-Amended-OH.svg","contentUrl":"https:\/\/women4biodiversity.org\/wp-content\/uploads\/2024\/08\/W4B_LongLogo_2024-Amended-OH.svg","width":"1024","height":"1024","caption":"Women4Biodiversity"},"image":{"@id":"https:\/\/women4biodiversity.org\/fr\/#\/schema\/logo\/image\/"},"sameAs":["https:\/\/www.facebook.com\/Women4Biodiversity\/","https:\/\/x.com\/Women4Biodiv","https:\/\/www.instagram.com\/women4biodiv\/"]}]}},"_links":{"self":[{"href":"https:\/\/women4biodiversity.org\/fr\/wp-json\/wp\/v2\/pages\/48778","targetHints":{"allow":["GET"]}}],"collection":[{"href":"https:\/\/women4biodiversity.org\/fr\/wp-json\/wp\/v2\/pages"}],"about":[{"href":"https:\/\/women4biodiversity.org\/fr\/wp-json\/wp\/v2\/types\/page"}],"author":[{"embeddable":true,"href":"https:\/\/women4biodiversity.org\/fr\/wp-json\/wp\/v2\/users\/2"}],"replies":[{"embeddable":true,"href":"https:\/\/women4biodiversity.org\/fr\/wp-json\/wp\/v2\/comments?post=48778"}],"version-history":[{"count":2,"href":"https:\/\/women4biodiversity.org\/fr\/wp-json\/wp\/v2\/pages\/48778\/revisions"}],"predecessor-version":[{"id":48780,"href":"https:\/\/women4biodiversity.org\/fr\/wp-json\/wp\/v2\/pages\/48778\/revisions\/48780"}],"wp:attachment":[{"href":"https:\/\/women4biodiversity.org\/fr\/wp-json\/wp\/v2\/media?parent=48778"}],"curies":[{"name":"wp","href":"https:\/\/api.w.org\/{rel}","templated":true}]}}